{"id":13009,"date":"2017-02-24T12:09:41","date_gmt":"2017-02-24T11:09:41","guid":{"rendered":"https:\/\/www.leventaroleforio.it\/pretzel\/"},"modified":"2025-05-26T13:17:24","modified_gmt":"2025-05-26T11:17:24","slug":"pretzel","status":"publish","type":"page","link":"https:\/\/www.leventaroleforio.it\/fr\/","title":{"rendered":"Home"},"content":{"rendered":"<section class=\"wpb-content-wrapper\"><p>[vc_row css=&#8221;.vc_custom_1488555811499{padding-top: 50px !important;}&#8221;][vc_column]<div class=\"edgtf-elements-holder edgtf-one-column edgtf-responsive-mode-768\" ><div class=\"edgtf-eh-item edgtf-horizontal-alignment-center\"  data-item-class=\"edgtf-eh-custom-172989\" data-1280-1600=\"38px 30% 91px 30%\" data-1024-1280=\"43px 27% 91px 27%\" data-768-1024=\"0px 22% 91px 22%\" data-480-600=\"37px 13% 91px 13%\" data-480=\"37px 13% 91px 13%\">\n\t<div class=\"edgtf-eh-item-inner\">\n\t\t<div class=\"edgtf-eh-item-content edgtf-eh-custom-172989\" style=\"padding: 42px 33% 99px 33%\">\n\t\t\t<div class=\"edgtf-section-title-holder\" >\n\t\t\t\t\t<h1 class=\"edgtf-st-title\" style=\"color: #303030;font-weight: 400;letter-spacing: 0px\">\n\t\t\t<span>Bienvenue au Ventarole<\/span>\n\t\t<\/h1>\n\t\t\t\t<p class=\"edgtf-st-text\" style=\"color: #666666;font-size: 16px;line-height: 30px;font-weight: 300;margin-top: 22px\">Un lieu o\u00f9 nous c\u00e9l\u00e9brons chaque jour la qualit\u00e9 et la saisonnalit\u00e9, o\u00f9 nous nous consacrons \u00e0 la cr\u00e9ation de produits qui exaltent le go\u00fbt authentique des meilleures mati\u00e8res premi\u00e8res, avec amour et dans le respect de la tradition.<\/p>\n\t<\/div>\t\t<\/div>\n\t<\/div>\n<\/div><\/div>[vc_row_inner row_content_width=&#8221;grid&#8221; content_text_aligment=&#8221;center&#8221;][vc_column_inner offset=&#8221;vc_col-lg-4 vc_col-md-12 vc_col-xs-12&#8243; css=&#8221;.vc_custom_1488553157804{padding-right: 4% !important;padding-left: 4% !important;}&#8221;]<div class=\"edgtf-image-with-text-holder edgtf-image-behavior-lightbox edgtf-image-shape-round\">\n\t<div class=\"edgtf-iwt-image\">\n\t\t<div class=\"edgtf-iwt-image-wrapper\">\n\t\t\t\t\t\t<a itemprop=\"image\" href=\"https:\/\/www.leventaroleforio.it\/wp-content\/uploads\/2024\/11\/DSC_0252-1-scaled.jpg\" data-rel=\"prettyPhoto[iwt_pretty_photo]\" title=\"\">\n\t\t\t\t\t\t\t\t\t\t\t\t\t\t\t<img loading=\"lazy\" decoding=\"async\" src=\"https:\/\/www.leventaroleforio.it\/wp-content\/uploads\/2024\/11\/DSC_0252-1-scaled-200x200.jpg\" alt=\"\" width=\"200\" height=\"200\" \/>\t\t\t\t\t\t\t\t\t\t\t\t\t\t<\/a>\n\t\t\t\t\t<\/div>\n\t<\/div>\n\t<div class=\"edgtf-iwt-text-holder\">\n\t\t\t\t<h5 class=\"edgtf-iwt-title\" >Nos artisans<\/h5>\n\t\t\t\t<p class=\"edgtf-iwt-text\" style=\"margin-top: 22px\">Passion, tradition et soin : nos artisans transforment des ingr\u00e9dients simples en d\u00e9lices authentiques, en respectant l&#039;art de la boulangerie et en apportant fra\u00eecheur et qualit\u00e9 \u00e0 chaque produit.<\/p>\n\t<\/div>\n<\/div>[vc_empty_space height=&#8221;109px&#8221;][\/vc_column_inner][vc_column_inner offset=&#8221;vc_col-lg-4 vc_col-md-12 vc_col-xs-12&#8243; css=&#8221;.vc_custom_1488553163667{padding-right: 4% !important;padding-left: 4% !important;}&#8221;]<div class=\"edgtf-image-with-text-holder edgtf-image-behavior-lightbox edgtf-image-shape-round\">\n\t<div class=\"edgtf-iwt-image\">\n\t\t<div class=\"edgtf-iwt-image-wrapper\">\n\t\t\t\t\t\t<a itemprop=\"image\" href=\"https:\/\/www.leventaroleforio.it\/wp-content\/uploads\/2024\/11\/DSC_4176-2-1.jpg\" data-rel=\"prettyPhoto[iwt_pretty_photo]\" title=\"\">\n\t\t\t\t\t\t\t\t\t\t\t\t\t\t\t<img loading=\"lazy\" decoding=\"async\" src=\"https:\/\/www.leventaroleforio.it\/wp-content\/uploads\/2024\/11\/DSC_4176-2-1-200x200.jpg\" alt=\"\" width=\"200\" height=\"200\" \/>\t\t\t\t\t\t\t\t\t\t\t\t\t\t<\/a>\n\t\t\t\t\t<\/div>\n\t<\/div>\n\t<div class=\"edgtf-iwt-text-holder\">\n\t\t\t\t<h5 class=\"edgtf-iwt-title\" >La tradition<\/h5>\n\t\t\t\t<p class=\"edgtf-iwt-text\" style=\"margin-top: 22px\">Pendant les vacances, nous nous consacrons \u00e0 la pr\u00e9paration de produits typiques qui racontent notre histoire, dans le respect des saveurs et des traditions authentiques.<\/p>\n\t<\/div>\n<\/div>[vc_empty_space height=&#8221;109px&#8221;][\/vc_column_inner][vc_column_inner offset=&#8221;vc_col-lg-4 vc_col-md-12 vc_col-xs-12&#8243; css=&#8221;.vc_custom_1488553174411{padding-right: 4% !important;padding-left: 4% !important;}&#8221;]<div class=\"edgtf-image-with-text-holder edgtf-image-behavior-lightbox edgtf-image-shape-round\">\n\t<div class=\"edgtf-iwt-image\">\n\t\t<div class=\"edgtf-iwt-image-wrapper\">\n\t\t\t\t\t\t<a itemprop=\"image\" href=\"https:\/\/www.leventaroleforio.it\/wp-content\/uploads\/2024\/11\/DSC_0330-1-1-scaled.jpg\" data-rel=\"prettyPhoto[iwt_pretty_photo]\" title=\"\">\n\t\t\t\t\t\t\t\t\t\t\t\t\t\t\t<img loading=\"lazy\" decoding=\"async\" src=\"https:\/\/www.leventaroleforio.it\/wp-content\/uploads\/2024\/11\/DSC_0330-1-1-scaled-200x200.jpg\" alt=\"\" width=\"200\" height=\"200\" \/>\t\t\t\t\t\t\t\t\t\t\t\t\t\t<\/a>\n\t\t\t\t\t<\/div>\n\t<\/div>\n\t<div class=\"edgtf-iwt-text-holder\">\n\t\t\t\t<h5 class=\"edgtf-iwt-title\" >La Baguette<\/h5>\n\t\t\t\t<p class=\"edgtf-iwt-text\" style=\"margin-top: 22px\">Croustillantes \u00e0 l&#039;ext\u00e9rieur, moelleuses \u00e0 l&#039;int\u00e9rieur : nos baguettes sont fabriqu\u00e9es \u00e0 partir d&#039;ingr\u00e9dients s\u00e9lectionn\u00e9s et d&#039;un processus de levage lent qui rehausse leur saveur. Parfaites pour tous les moments, elles apportent \u00e0 la table le go\u00fbt authentique de la tradition fran\u00e7aise.<\/p>\n\t<\/div>\n<\/div>[vc_empty_space height=&#8221;109px&#8221;][\/vc_column_inner][\/vc_row_inner][\/vc_column][\/vc_row][vc_row anchor=&#8221;lievito&#8221;][vc_column]<div class=\"edgtf-parallax-holder edgtf-vertical-middle-align edgtf-disabled-parallax-on-touch\" data-parallax-speed=\"1\" style=\"background-image: url(https:\/\/www.leventaroleforio.it\/wp-content\/uploads\/2024\/11\/leventarole_lievito_madre.jpg);min-height: 400px;height: 400px\">\n\t<div class=\"edgtf-parallax-inner\">\n\t\t[vc_empty_space height=&#8221;93px&#8221;][vc_row_inner row_content_width=&#8221;grid&#8221;][vc_column_inner el_class=&#8221;lievito_madre&#8221;]<div class=\"edgtf-elements-holder edgtf-two-columns edgtf-responsive-mode-1024\" ><div class=\"edgtf-eh-item \"  data-item-class=\"edgtf-eh-custom-817434\" data-1024-1280=\"1px 0% 1px 2%\" data-768-1024=\"0 0% 0 0%\">\n\t<div class=\"edgtf-eh-item-inner\">\n\t\t<div class=\"edgtf-eh-item-content edgtf-eh-custom-817434\" style=\"padding: 0 0% 0 4%\">\n\t\t\t<div class=\"edgtf-section-title-holder\" >\n\t\t\t\t\t<h3 class=\"edgtf-st-title\" style=\"color: #ffffff;font-weight: 500;letter-spacing: 0px\">\n\t\t\t<span>Notre m\u00e8re la levure<\/span>\n\t\t<\/h3>\n\t\t\t\t<p class=\"edgtf-st-text\" style=\"color: #ffffff;font-size: 16px;line-height: 30px;font-weight: 500;margin-top: 22px\">Notre levure m\u00e8re, cr\u00e9\u00e9e et rafra\u00eechie chaque jour par le fondateur de la boulangerie, Giancarlo Mandl, est au c\u0153ur de notre production. Aujourd&#039;hui, nous la perp\u00e9tuons avec la m\u00eame passion, en respectant le temps et les soins qu&#039;elle requiert.<\/p>\n\t<\/div>[vc_empty_space height=&#8221;34px&#8221;]\t\t<\/div>\n\t<\/div>\n<\/div><div class=\"edgtf-eh-item edgtf-vertical-alignment-top edgtf-horizontal-alignment-center\"  data-item-class=\"edgtf-eh-custom-358636\" data-1024-1280=\"0 8% 8px 2%\" data-768-1024=\"8px 8% 93px 0%\" data-480-600=\"7px 8% 93px 2%\" data-480=\"7px 8% 93px 2%\">\n\t<div class=\"edgtf-eh-item-inner\">\n\t\t<div class=\"edgtf-eh-item-content edgtf-eh-custom-358636\" style=\"padding: 0 8% 0 2%\">\n\t\t\t[vc_column_text]<div style=\"display:none;\" class=\"counter-box-3\"><h3>Depuis combien de temps \u00eates-vous en vie ?<\/h3>\r\n<div class=\"wrap_giorni\">\r\n<div class=\"inner_wrap\">{day}Jour<\/div>\r\n<div class=\"inner_wrap\">{hour}Heure<\/div>\r\n<div class=\"inner_wrap\">{min}Minute<\/div>\r\n<div class=\"inner_wrap\">{sec}Seconde<\/div>\r\n<\/div><\/div>[\/vc_column_text]\t\t<\/div>\n\t<\/div>\n<\/div><\/div>[vc_empty_space height=&#8221;119px&#8221;][\/vc_column_inner][\/vc_row_inner]\t<\/div>\n<\/div>\n[\/vc_column][\/vc_row][vc_row css_animation=&#8221;none&#8221; css=&#8221;.vc_custom_1730888137145{padding-top: 94px !important;padding-bottom: 11px !important;}&#8221; anchor=&#8221;calendario&#8221;][vc_column]<div class=\"edgtf-elements-holder edgtf-one-column edgtf-responsive-mode-768\" ><div class=\"edgtf-eh-item edgtf-horizontal-alignment-center\"  data-item-class=\"edgtf-eh-custom-859373\" data-1280-1600=\"0px 30% 87px 30%\" data-1024-1280=\"0px 27% 87px 27%\" data-768-1024=\"0px 22% 87px 22%\" data-480-600=\"0px 14% 87px 14%\" data-480=\"0px 14% 87px 14%\">\n\t<div class=\"edgtf-eh-item-inner\">\n\t\t<div class=\"edgtf-eh-item-content edgtf-eh-custom-859373\" style=\"padding: 0px 33% 87px 33%\">\n\t\t\t<div class=\"edgtf-section-title-holder\" style=\"text-align: center\">\n\t\t\t\t\t<h1 class=\"edgtf-st-title\" style=\"color: #303030;font-weight: 400;letter-spacing: 1px\">\n\t\t\t<span>Le calendrier<\/span>\n\t\t<\/h1>\n\t\t\t\t<p class=\"edgtf-st-text\" style=\"color: #666666;font-size: 16px;line-height: 30px;font-weight: 300;margin-top: 22px\">Dans notre boulangerie, en plus de la production r\u00e9guli\u00e8re, chaque jour de la semaine est consacr\u00e9 \u00e0 un pain diff\u00e9rent, chacun fabriqu\u00e9 \u00e0 partir de farines s\u00e9lectionn\u00e9es. Du seigle \u00e0 l&#039;\u00e9peautre en passant par les bl\u00e9s anciens, nous proposons des vari\u00e9t\u00e9s authentiques. D\u00e9couvrez notre calendrier ! Nous sommes ouverts tous les jours sauf le dimanche apr\u00e8s-midi.<\/p>\n\t<\/div>\t\t<\/div>\n\t<\/div>\n<\/div><\/div>[\/vc_column][\/vc_row][vc_row el_class=&#8221;row_calendario&#8221;][vc_column width=&#8221;1\/3&#8243;]<div class=\"edgtf-image-with-text-holder edgtf-image-behavior- \">\n\t<div class=\"edgtf-iwt-image\">\n\t\t<div class=\"edgtf-iwt-image-wrapper\">\n\t\t\t\t\t\t\t\t\t\t\t\t\t\t<img loading=\"lazy\" decoding=\"async\" width=\"2000\" height=\"1334\" src=\"https:\/\/www.leventaroleforio.it\/wp-content\/uploads\/2024\/11\/pane_cinque_cereali_ventarole.jpg\" class=\"attachment-full size-full\" alt=\"\" srcset=\"https:\/\/www.leventaroleforio.it\/wp-content\/uploads\/2024\/11\/pane_cinque_cereali_ventarole.jpg 2000w, https:\/\/www.leventaroleforio.it\/wp-content\/uploads\/2024\/11\/pane_cinque_cereali_ventarole-300x200.jpg 300w, https:\/\/www.leventaroleforio.it\/wp-content\/uploads\/2024\/11\/pane_cinque_cereali_ventarole-1024x683.jpg 1024w, https:\/\/www.leventaroleforio.it\/wp-content\/uploads\/2024\/11\/pane_cinque_cereali_ventarole-768x512.jpg 768w, https:\/\/www.leventaroleforio.it\/wp-content\/uploads\/2024\/11\/pane_cinque_cereali_ventarole-1536x1025.jpg 1536w, https:\/\/www.leventaroleforio.it\/wp-content\/uploads\/2024\/11\/pane_cinque_cereali_ventarole-600x400.jpg 600w\" sizes=\"auto, (max-width: 2000px) 100vw, 2000px\" \/>\t\t\t\t\t\t\t\t\t\t\t\t<\/div>\n\t<\/div>\n\t<div class=\"edgtf-iwt-text-holder\">\n\t\t\t\t<h5 class=\"edgtf-iwt-title\" style=\"color: #303030;margin-top: 20px\">PAIN AUX CINQ C\u00c9R\u00c9ALES<\/h5>\n\t\t\t\t<p class=\"edgtf-iwt-text\" style=\"color: #8d8d8d;margin-top: 22px\">Tous les mercredis, vous trouverez au Ventarole le pain aux cinq c\u00e9r\u00e9ales : un m\u00e9lange parfait de bl\u00e9, de seigle, d&#039;avoine, d&#039;orge et de ma\u00efs, qui lui conf\u00e8re une saveur riche et une texture rustique. Frais et parfum\u00e9, il est id\u00e9al pour enrichir chaque repas.<\/p>\n\t<\/div>\n<\/div>[vc_empty_space height=&#8221;102px&#8221;][\/vc_column][vc_column width=&#8221;1\/3&#8243;]<div class=\"edgtf-image-with-text-holder edgtf-image-behavior- \">\n\t<div class=\"edgtf-iwt-image\">\n\t\t<div class=\"edgtf-iwt-image-wrapper\">\n\t\t\t\t\t\t\t\t\t\t\t\t\t\t<img loading=\"lazy\" decoding=\"async\" width=\"2000\" height=\"1334\" src=\"https:\/\/www.leventaroleforio.it\/wp-content\/uploads\/2024\/11\/pane__di_segale_forio.jpg\" class=\"attachment-full size-full\" alt=\"\" srcset=\"https:\/\/www.leventaroleforio.it\/wp-content\/uploads\/2024\/11\/pane__di_segale_forio.jpg 2000w, https:\/\/www.leventaroleforio.it\/wp-content\/uploads\/2024\/11\/pane__di_segale_forio-300x200.jpg 300w, https:\/\/www.leventaroleforio.it\/wp-content\/uploads\/2024\/11\/pane__di_segale_forio-1024x683.jpg 1024w, https:\/\/www.leventaroleforio.it\/wp-content\/uploads\/2024\/11\/pane__di_segale_forio-768x512.jpg 768w, https:\/\/www.leventaroleforio.it\/wp-content\/uploads\/2024\/11\/pane__di_segale_forio-1536x1025.jpg 1536w, https:\/\/www.leventaroleforio.it\/wp-content\/uploads\/2024\/11\/pane__di_segale_forio-600x400.jpg 600w\" sizes=\"auto, (max-width: 2000px) 100vw, 2000px\" \/>\t\t\t\t\t\t\t\t\t\t\t\t<\/div>\n\t<\/div>\n\t<div class=\"edgtf-iwt-text-holder\">\n\t\t\t\t<h5 class=\"edgtf-iwt-title\" style=\"color: #303030;margin-top: 20px\">PAIN DE SEIGLE<\/h5>\n\t\t\t\t<p class=\"edgtf-iwt-text\" style=\"color: #666666;margin-top: 22px\">Les mardis et samedis, vous trouverez au Ventarole du pain de seigle, riche en fibres et en nutriments. Fabriqu\u00e9 avec de la farine de seigle de qualit\u00e9, il convient parfaitement \u00e0 ceux qui recherchent un pain de caract\u00e8re.<\/p>\n\t<\/div>\n<\/div>[vc_empty_space height=&#8221;102px&#8221;][\/vc_column][vc_column width=&#8221;1\/3&#8243;]<div class=\"edgtf-image-with-text-holder edgtf-image-behavior- \">\n\t<div class=\"edgtf-iwt-image\">\n\t\t<div class=\"edgtf-iwt-image-wrapper\">\n\t\t\t\t\t\t\t\t\t\t\t\t\t\t<img loading=\"lazy\" decoding=\"async\" width=\"1999\" height=\"1333\" src=\"https:\/\/www.leventaroleforio.it\/wp-content\/uploads\/2024\/11\/farina_al_farro_forio_ischia_ventarole.jpg\" class=\"attachment-full size-full\" alt=\"\" srcset=\"https:\/\/www.leventaroleforio.it\/wp-content\/uploads\/2024\/11\/farina_al_farro_forio_ischia_ventarole.jpg 1999w, https:\/\/www.leventaroleforio.it\/wp-content\/uploads\/2024\/11\/farina_al_farro_forio_ischia_ventarole-300x200.jpg 300w, https:\/\/www.leventaroleforio.it\/wp-content\/uploads\/2024\/11\/farina_al_farro_forio_ischia_ventarole-1024x683.jpg 1024w, https:\/\/www.leventaroleforio.it\/wp-content\/uploads\/2024\/11\/farina_al_farro_forio_ischia_ventarole-768x512.jpg 768w, https:\/\/www.leventaroleforio.it\/wp-content\/uploads\/2024\/11\/farina_al_farro_forio_ischia_ventarole-1536x1024.jpg 1536w, https:\/\/www.leventaroleforio.it\/wp-content\/uploads\/2024\/11\/farina_al_farro_forio_ischia_ventarole-600x400.jpg 600w\" sizes=\"auto, (max-width: 1999px) 100vw, 1999px\" \/>\t\t\t\t\t\t\t\t\t\t\t\t<\/div>\n\t<\/div>\n\t<div class=\"edgtf-iwt-text-holder\">\n\t\t\t\t<h5 class=\"edgtf-iwt-title\" style=\"color: #303030;margin-top: 20px\">PAIN FARRO<\/h5>\n\t\t\t\t<p class=\"edgtf-iwt-text\" style=\"color: #666666;margin-top: 22px\">Le vendredi et le dimanche, le pain d&#039;\u00e9peautre vous attend : moelleux et parfum\u00e9. Fabriqu\u00e9 \u00e0 partir d&#039;\u00e9peautre s\u00e9lectionn\u00e9, il est le choix id\u00e9al pour ceux qui recherchent un pain sain \u00e0 la saveur d\u00e9licate.<\/p>\n\t<\/div>\n<\/div>[vc_empty_space height=&#8221;102px&#8221;][\/vc_column][\/vc_row][vc_row el_class=&#8221;row_calendario&#8221;][vc_column width=&#8221;1\/3&#8243;]<div class=\"edgtf-image-with-text-holder edgtf-image-behavior- \">\n\t<div class=\"edgtf-iwt-image\">\n\t\t<div class=\"edgtf-iwt-image-wrapper\">\n\t\t\t\t\t\t\t\t\t\t\t\t\t\t<img loading=\"lazy\" decoding=\"async\" width=\"2000\" height=\"1334\" src=\"https:\/\/www.leventaroleforio.it\/wp-content\/uploads\/2024\/11\/pane_integrale_le_ventarole_forio.jpg\" class=\"attachment-full size-full\" alt=\"\" srcset=\"https:\/\/www.leventaroleforio.it\/wp-content\/uploads\/2024\/11\/pane_integrale_le_ventarole_forio.jpg 2000w, https:\/\/www.leventaroleforio.it\/wp-content\/uploads\/2024\/11\/pane_integrale_le_ventarole_forio-300x200.jpg 300w, https:\/\/www.leventaroleforio.it\/wp-content\/uploads\/2024\/11\/pane_integrale_le_ventarole_forio-1024x683.jpg 1024w, https:\/\/www.leventaroleforio.it\/wp-content\/uploads\/2024\/11\/pane_integrale_le_ventarole_forio-768x512.jpg 768w, https:\/\/www.leventaroleforio.it\/wp-content\/uploads\/2024\/11\/pane_integrale_le_ventarole_forio-1536x1025.jpg 1536w, https:\/\/www.leventaroleforio.it\/wp-content\/uploads\/2024\/11\/pane_integrale_le_ventarole_forio-600x400.jpg 600w\" sizes=\"auto, (max-width: 2000px) 100vw, 2000px\" \/>\t\t\t\t\t\t\t\t\t\t\t\t<\/div>\n\t<\/div>\n\t<div class=\"edgtf-iwt-text-holder\">\n\t\t\t\t<h5 class=\"edgtf-iwt-title\" style=\"color: #303030;margin-top: 20px\">PAIN ENTIER<\/h5>\n\t\t\t\t<p class=\"edgtf-iwt-text\" style=\"color: #8d8d8d;margin-top: 22px\">Notre pain complet est disponible tous les jours, croustillant \u00e0 l&#039;ext\u00e9rieur, moelleux \u00e0 l&#039;int\u00e9rieur, riche en saveurs et en nutriments. Parfait pour chaque moment de la journ\u00e9e, sain, savoureux et toujours frais.<\/p>\n\t<\/div>\n<\/div>[vc_empty_space height=&#8221;102px&#8221;][\/vc_column][vc_column width=&#8221;1\/3&#8243;]<div class=\"edgtf-image-with-text-holder edgtf-image-behavior- \">\n\t<div class=\"edgtf-iwt-image\">\n\t\t<div class=\"edgtf-iwt-image-wrapper\">\n\t\t\t\t\t\t\t\t\t\t\t\t\t\t<img loading=\"lazy\" decoding=\"async\" width=\"2000\" height=\"1334\" src=\"https:\/\/www.leventaroleforio.it\/wp-content\/uploads\/2024\/11\/biologico_ventarole.jpg\" class=\"attachment-full size-full\" alt=\"\" srcset=\"https:\/\/www.leventaroleforio.it\/wp-content\/uploads\/2024\/11\/biologico_ventarole.jpg 2000w, https:\/\/www.leventaroleforio.it\/wp-content\/uploads\/2024\/11\/biologico_ventarole-300x200.jpg 300w, https:\/\/www.leventaroleforio.it\/wp-content\/uploads\/2024\/11\/biologico_ventarole-1024x683.jpg 1024w, https:\/\/www.leventaroleforio.it\/wp-content\/uploads\/2024\/11\/biologico_ventarole-768x512.jpg 768w, https:\/\/www.leventaroleforio.it\/wp-content\/uploads\/2024\/11\/biologico_ventarole-1536x1025.jpg 1536w, https:\/\/www.leventaroleforio.it\/wp-content\/uploads\/2024\/11\/biologico_ventarole-600x400.jpg 600w\" sizes=\"auto, (max-width: 2000px) 100vw, 2000px\" \/>\t\t\t\t\t\t\t\t\t\t\t\t<\/div>\n\t<\/div>\n\t<div class=\"edgtf-iwt-text-holder\">\n\t\t\t\t<h5 class=\"edgtf-iwt-title\" style=\"color: #303030;margin-top: 20px\">PAIN BIO<\/h5>\n\t\t\t\t<p class=\"edgtf-iwt-text\" style=\"color: #666666;margin-top: 22px\">Le pain biologique au levain est disponible tous les jours, toujours frais et parfum\u00e9. Gr\u00e2ce au processus de levage naturel, il offre une saveur authentique, une digestibilit\u00e9 extraordinaire et conserve longtemps son parfum intact.<\/p>\n\t<\/div>\n<\/div>[vc_empty_space height=&#8221;102px&#8221;][\/vc_column][vc_column width=&#8221;1\/3&#8243;]<div class=\"edgtf-image-with-text-holder edgtf-image-behavior- \">\n\t<div class=\"edgtf-iwt-image\">\n\t\t<div class=\"edgtf-iwt-image-wrapper\">\n\t\t\t\t\t\t\t\t\t\t\t\t\t\t<img loading=\"lazy\" decoding=\"async\" width=\"2000\" height=\"1334\" src=\"https:\/\/www.leventaroleforio.it\/wp-content\/uploads\/2024\/11\/DSC_0606-1-1-1.jpg\" class=\"attachment-full size-full\" alt=\"\" srcset=\"https:\/\/www.leventaroleforio.it\/wp-content\/uploads\/2024\/11\/DSC_0606-1-1-1.jpg 2000w, https:\/\/www.leventaroleforio.it\/wp-content\/uploads\/2024\/11\/DSC_0606-1-1-1-300x200.jpg 300w, https:\/\/www.leventaroleforio.it\/wp-content\/uploads\/2024\/11\/DSC_0606-1-1-1-1024x683.jpg 1024w, https:\/\/www.leventaroleforio.it\/wp-content\/uploads\/2024\/11\/DSC_0606-1-1-1-768x512.jpg 768w, https:\/\/www.leventaroleforio.it\/wp-content\/uploads\/2024\/11\/DSC_0606-1-1-1-1536x1025.jpg 1536w, https:\/\/www.leventaroleforio.it\/wp-content\/uploads\/2024\/11\/DSC_0606-1-1-1-600x400.jpg 600w\" sizes=\"auto, (max-width: 2000px) 100vw, 2000px\" \/>\t\t\t\t\t\t\t\t\t\t\t\t<\/div>\n\t<\/div>\n\t<div class=\"edgtf-iwt-text-holder\">\n\t\t\t\t<h5 class=\"edgtf-iwt-title\" style=\"color: #303030;margin-top: 20px\">SANDWICHS \u00c0 LA CHARCUTERIE<\/h5>\n\t\t\t\t<p class=\"edgtf-iwt-text\" style=\"color: #666666;margin-top: 22px\">Tous les lundis, mercredis, jeudis, samedis et dimanches, vous trouverez de d\u00e9licieux sandwichs de charcuterie pr\u00e9par\u00e9s avec des ingr\u00e9dients frais et de qualit\u00e9. Parfaits pour une pause savoureuse ou pour enrichir votre table.<\/p>\n\t<\/div>\n<\/div>[vc_empty_space height=&#8221;102px&#8221;][\/vc_column][\/vc_row][vc_row anchor=&#8221;storia&#8221; css=&#8221;.vc_custom_1730891968811{background-image: url(https:\/\/www.leventaroleforio.it\/wp-content\/uploads\/2024\/11\/Senza-titolo-4000-x-2667-px-copia-2.jpg?id=11497) !important;background-position: center !important;background-repeat: no-repeat !important;background-size: cover !important;}&#8221;][vc_column]<div class=\"edgtf-parallax-holder edgtf-vertical-middle-align edgtf-disabled-parallax-on-touch\" data-parallax-speed=\"1\" style=\"min-height: 400px;height: 400px\">\n\t<div class=\"edgtf-parallax-inner\">\n\t\t[vc_empty_space height=&#8221;93px&#8221;][vc_row_inner row_content_width=&#8221;grid&#8221;][vc_column_inner]<div class=\"edgtf-elements-holder edgtf-two-columns edgtf-responsive-mode-1024\" ><div class=\"edgtf-eh-item \"  data-item-class=\"edgtf-eh-custom-600950\" data-1024-1280=\"1px 0% 1px 2%\" data-768-1024=\"0 0% 0 0%\">\n\t<div class=\"edgtf-eh-item-inner\">\n\t\t<div class=\"edgtf-eh-item-content edgtf-eh-custom-600950\" style=\"padding: 0 0% 0 4%\">\n\t\t\t<div class=\"edgtf-section-title-holder\" style=\"text-align: center\">\n\t\t\t\t\t<h1 class=\"edgtf-st-title\" style=\"color: #ffffff;font-weight: 500;letter-spacing: 0px\">\n\t\t\t<span>Le Ventarole, l&#039;histoire<\/span>\n\t\t<\/h1>\n\t\t\t\t<p class=\"edgtf-st-text\" style=\"color: #ffffff;font-size: 16px;line-height: 30px;font-weight: 500;margin-top: 22px\">La boulangerie Le Ventarole a \u00e9t\u00e9 cr\u00e9\u00e9e en 2002 dans la zone de Borbonica, Lacco Ameno, o\u00f9 pendant des ann\u00e9es nous avons fabriqu\u00e9 du pain et des produits artisanaux inspir\u00e9s par la tradition. En 2017, le tremblement de terre a durement frapp\u00e9 l&#039;\u00eele et nos locaux, ce qui nous a pouss\u00e9s \u00e0 prendre une d\u00e9cision. Nous avons choisi de nous installer dans le centre de Forio, Via Cardinale Lavitrano, pour continuer \u00e0 offrir la chaleur et la qualit\u00e9 que nous avons toujours eues. Ici, chaque jour, nous perp\u00e9tuons avec fiert\u00e9 une tradition qui ne se laisse pas abattre par l&#039;adversit\u00e9, en fabriquant des produits authentiques qui racontent notre histoire de passion et de r\u00e9silience.<\/p>\n\t<\/div>[vc_empty_space height=&#8221;34px&#8221;]\t\t<\/div>\n\t<\/div>\n<\/div><\/div>[vc_empty_space height=&#8221;119px&#8221;][\/vc_column_inner][\/vc_row_inner]\t<\/div>\n<\/div>\n[\/vc_column][\/vc_row][vc_row anchor=&#8221;dovesiamo&#8221;][vc_column][\/vc_column][\/vc_row][vc_row][vc_column][vc_column_text][\/vc_column_text][\/vc_column][\/vc_row]<\/p>\n<\/section>","protected":false},"excerpt":{"rendered":"<p>[vc_row css=&#8221;.vc_custom_1488555811499{padding-top: 50px !important;}&#8221;][vc_column][vc_row_inner row_content_width=&#8221;grid&#8221; content_text_aligment=&#8221;center&#8221;][vc_column_inner offset=&#8221;vc_col-lg-4 vc_col-md-12 vc_col-xs-12&#8243; css=&#8221;.vc_custom_1488553157804{padding-right: 4% !important;padding-left: 4% !important;}&#8221;][vc_empty_space height=&#8221;109px&#8221;][\/vc_column_inner][vc_column_inner offset=&#8221;vc_col-lg-4 vc_col-md-12 vc_col-xs-12&#8243; css=&#8221;.vc_custom_1488553163667{padding-right: 4% !important;padding-left: 4% !important;}&#8221;][vc_empty_space height=&#8221;109px&#8221;][\/vc_column_inner][vc_column_inner offset=&#8221;vc_col-lg-4 vc_col-md-12 vc_col-xs-12&#8243; css=&#8221;.vc_custom_1488553174411{padding-right: 4% !important;padding-left: 4% !important;}&#8221;][vc_empty_space height=&#8221;109px&#8221;][\/vc_column_inner][\/vc_row_inner][\/vc_column][\/vc_row][vc_row anchor=&#8221;lievito&#8221;][vc_column][\/vc_column][\/vc_row][vc_row css_animation=&#8221;none&#8221; css=&#8221;.vc_custom_1730888137145{padding-top: 94px !important;padding-bottom: 11px !important;}&#8221; [&hellip;]<\/p>\n","protected":false},"author":1,"featured_media":0,"parent":0,"menu_order":0,"comment_status":"closed","ping_status":"closed","template":"full-width.php","meta":{"footnotes":""},"class_list":["post-13009","page","type-page","status-publish","hentry"],"yoast_head":"<!-- This site is optimized with the Yoast SEO plugin v27.5 - https:\/\/yoast.com\/product\/yoast-seo-wordpress\/ -->\n<title>Boulangerie Le Ventarole | Pain et p\u00e2tisseries artisanales \u00e0 Forio d\u2019Ischia<\/title>\n<meta name=\"description\" content=\"Boulangerie artisanale \u00e0 Forio d\u2019Ischia : pain \u00e0 fermentation naturelle, p\u00e2tisseries typiques, focaccias, baguettes, biscuits et sp\u00e9cialit\u00e9s de boulangerie faites \u00e0 la main.\" \/>\n<meta name=\"robots\" content=\"index, follow, max-snippet:-1, max-image-preview:large, max-video-preview:-1\" \/>\n<link rel=\"canonical\" href=\"https:\/\/www.leventaroleforio.it\/fr\/\" \/>\n<meta property=\"og:locale\" content=\"fr_FR\" \/>\n<meta property=\"og:type\" content=\"article\" \/>\n<meta property=\"og:title\" content=\"Boulangerie Le Ventarole | Pain et p\u00e2tisseries artisanales \u00e0 Forio d\u2019Ischia\" \/>\n<meta property=\"og:description\" content=\"Boulangerie artisanale \u00e0 Forio d\u2019Ischia : pain \u00e0 fermentation naturelle, p\u00e2tisseries typiques, focaccias, baguettes, biscuits et sp\u00e9cialit\u00e9s de boulangerie faites \u00e0 la main.\" \/>\n<meta property=\"og:url\" content=\"https:\/\/www.leventaroleforio.it\/fr\/\" \/>\n<meta property=\"og:site_name\" content=\"Le Ventarole\" \/>\n<meta property=\"article:modified_time\" content=\"2025-05-26T11:17:24+00:00\" \/>\n<meta name=\"twitter:card\" content=\"summary_large_image\" \/>\n<meta name=\"twitter:label1\" content=\"Dur\u00e9e de lecture estim\u00e9e\" \/>\n\t<meta name=\"twitter:data1\" content=\"5 minutes\" \/>\n<!-- \/ Yoast SEO plugin. -->","yoast_head_json":{"title":"Boulangerie Le Ventarole | Pain et p\u00e2tisseries artisanales \u00e0 Forio d\u2019Ischia","description":"Boulangerie artisanale \u00e0 Forio d\u2019Ischia : pain \u00e0 fermentation naturelle, p\u00e2tisseries typiques, focaccias, baguettes, biscuits et sp\u00e9cialit\u00e9s de boulangerie faites \u00e0 la main.","robots":{"index":"index","follow":"follow","max-snippet":"max-snippet:-1","max-image-preview":"max-image-preview:large","max-video-preview":"max-video-preview:-1"},"canonical":"https:\/\/www.leventaroleforio.it\/fr\/","og_locale":"fr_FR","og_type":"article","og_title":"Boulangerie Le Ventarole | Pain et p\u00e2tisseries artisanales \u00e0 Forio d\u2019Ischia","og_description":"Boulangerie artisanale \u00e0 Forio d\u2019Ischia : pain \u00e0 fermentation naturelle, p\u00e2tisseries typiques, focaccias, baguettes, biscuits et sp\u00e9cialit\u00e9s de boulangerie faites \u00e0 la main.","og_url":"https:\/\/www.leventaroleforio.it\/fr\/","og_site_name":"Le Ventarole","article_modified_time":"2025-05-26T11:17:24+00:00","twitter_card":"summary_large_image","twitter_misc":{"Dur\u00e9e de lecture estim\u00e9e":"5 minutes"},"schema":{"@context":"https:\/\/schema.org","@graph":[{"@type":"WebPage","@id":"https:\/\/www.leventaroleforio.it\/fr\/","url":"https:\/\/www.leventaroleforio.it\/fr\/","name":"Boulangerie Le Ventarole | Pain et p\u00e2tisseries artisanales \u00e0 Forio d\u2019Ischia","isPartOf":{"@id":"https:\/\/www.leventaroleforio.it\/fr\/#website"},"datePublished":"2017-02-24T11:09:41+00:00","dateModified":"2025-05-26T11:17:24+00:00","description":"Boulangerie artisanale \u00e0 Forio d\u2019Ischia : pain \u00e0 fermentation naturelle, p\u00e2tisseries typiques, focaccias, baguettes, biscuits et sp\u00e9cialit\u00e9s de boulangerie faites \u00e0 la main.","breadcrumb":{"@id":"https:\/\/www.leventaroleforio.it\/fr\/#breadcrumb"},"inLanguage":"fr-FR","potentialAction":[{"@type":"ReadAction","target":["https:\/\/www.leventaroleforio.it\/fr\/"]}]},{"@type":"BreadcrumbList","@id":"https:\/\/www.leventaroleforio.it\/fr\/#breadcrumb","itemListElement":[{"@type":"ListItem","position":1,"name":"Home","item":"https:\/\/www.leventaroleforio.it\/fr\/"},{"@type":"ListItem","position":2,"name":"Home"}]},{"@type":"WebSite","@id":"https:\/\/www.leventaroleforio.it\/fr\/#website","url":"https:\/\/www.leventaroleforio.it\/fr\/","name":"Le Ventarole","description":"Panificio dal 2002 al centro di Forio d&#039;Ischia","potentialAction":[{"@type":"SearchAction","target":{"@type":"EntryPoint","urlTemplate":"https:\/\/www.leventaroleforio.it\/fr\/?s={search_term_string}"},"query-input":{"@type":"PropertyValueSpecification","valueRequired":true,"valueName":"search_term_string"}}],"inLanguage":"fr-FR"}]}},"_links":{"self":[{"href":"https:\/\/www.leventaroleforio.it\/fr\/wp-json\/wp\/v2\/pages\/13009","targetHints":{"allow":["GET"]}}],"collection":[{"href":"https:\/\/www.leventaroleforio.it\/fr\/wp-json\/wp\/v2\/pages"}],"about":[{"href":"https:\/\/www.leventaroleforio.it\/fr\/wp-json\/wp\/v2\/types\/page"}],"author":[{"embeddable":true,"href":"https:\/\/www.leventaroleforio.it\/fr\/wp-json\/wp\/v2\/users\/1"}],"replies":[{"embeddable":true,"href":"https:\/\/www.leventaroleforio.it\/fr\/wp-json\/wp\/v2\/comments?post=13009"}],"version-history":[{"count":4,"href":"https:\/\/www.leventaroleforio.it\/fr\/wp-json\/wp\/v2\/pages\/13009\/revisions"}],"predecessor-version":[{"id":13128,"href":"https:\/\/www.leventaroleforio.it\/fr\/wp-json\/wp\/v2\/pages\/13009\/revisions\/13128"}],"wp:attachment":[{"href":"https:\/\/www.leventaroleforio.it\/fr\/wp-json\/wp\/v2\/media?parent=13009"}],"curies":[{"name":"wp","href":"https:\/\/api.w.org\/{rel}","templated":true}]}}