{"id":13013,"date":"2017-02-24T12:09:41","date_gmt":"2017-02-24T11:09:41","guid":{"rendered":"https:\/\/www.leventaroleforio.it\/pretzel\/"},"modified":"2025-05-26T13:18:23","modified_gmt":"2025-05-26T11:18:23","slug":"pretzel","status":"publish","type":"page","link":"https:\/\/www.leventaroleforio.it\/de\/","title":{"rendered":"Home"},"content":{"rendered":"<section class=\"wpb-content-wrapper\"><p>[vc_row css=&#8221;.vc_custom_1488555811499{padding-top: 50px !important;}&#8221;][vc_column]<div class=\"edgtf-elements-holder edgtf-one-column edgtf-responsive-mode-768\" ><div class=\"edgtf-eh-item edgtf-horizontal-alignment-center\"  data-item-class=\"edgtf-eh-custom-186744\" data-1280-1600=\"38px 30% 91px 30%\" data-1024-1280=\"43px 27% 91px 27%\" data-768-1024=\"0px 22% 91px 22%\" data-480-600=\"37px 13% 91px 13%\" data-480=\"37px 13% 91px 13%\">\n\t<div class=\"edgtf-eh-item-inner\">\n\t\t<div class=\"edgtf-eh-item-content edgtf-eh-custom-186744\" style=\"padding: 42px 33% 99px 33%\">\n\t\t\t<div class=\"edgtf-section-title-holder\" >\n\t\t\t\t\t<h1 class=\"edgtf-st-title\" style=\"color: #303030;font-weight: 400;letter-spacing: 0px\">\n\t\t\t<span>Willkommen bei Le Ventarole<\/span>\n\t\t<\/h1>\n\t\t\t\t<p class=\"edgtf-st-text\" style=\"color: #666666;font-size: 16px;line-height: 30px;font-weight: 300;margin-top: 22px\">Ein Ort, an dem wir jeden Tag Qualit\u00e4t und Saisonalit\u00e4t zelebrieren, an dem wir uns der Herstellung von Produkten widmen, die den authentischen Geschmack der besten Rohstoffe mit Liebe und Respekt vor der Tradition hervorheben.<\/p>\n\t<\/div>\t\t<\/div>\n\t<\/div>\n<\/div><\/div>[vc_row_inner row_content_width=&#8221;grid&#8221; content_text_aligment=&#8221;center&#8221;][vc_column_inner offset=&#8221;vc_col-lg-4 vc_col-md-12 vc_col-xs-12&#8243; css=&#8221;.vc_custom_1488553157804{padding-right: 4% !important;padding-left: 4% !important;}&#8221;]<div class=\"edgtf-image-with-text-holder edgtf-image-behavior-lightbox edgtf-image-shape-round\">\n\t<div class=\"edgtf-iwt-image\">\n\t\t<div class=\"edgtf-iwt-image-wrapper\">\n\t\t\t\t\t\t<a itemprop=\"image\" href=\"https:\/\/www.leventaroleforio.it\/wp-content\/uploads\/2024\/11\/DSC_0252-1-scaled.jpg\" data-rel=\"prettyPhoto[iwt_pretty_photo]\" title=\"\">\n\t\t\t\t\t\t\t\t\t\t\t\t\t\t\t<img loading=\"lazy\" decoding=\"async\" src=\"https:\/\/www.leventaroleforio.it\/wp-content\/uploads\/2024\/11\/DSC_0252-1-scaled-200x200.jpg\" alt=\"\" width=\"200\" height=\"200\" \/>\t\t\t\t\t\t\t\t\t\t\t\t\t\t<\/a>\n\t\t\t\t\t<\/div>\n\t<\/div>\n\t<div class=\"edgtf-iwt-text-holder\">\n\t\t\t\t<h5 class=\"edgtf-iwt-title\" >Unsere Handwerker<\/h5>\n\t\t\t\t<p class=\"edgtf-iwt-text\" style=\"margin-top: 22px\">Leidenschaft, Tradition und Sorgfalt: Unsere Handwerker verwandeln einfache Zutaten in authentische K\u00f6stlichkeiten, indem sie die Kunst des Backens respektieren und Frische und Qualit\u00e4t in jedes Produkt bringen.<\/p>\n\t<\/div>\n<\/div>[vc_empty_space height=&#8221;109px&#8221;][\/vc_column_inner][vc_column_inner offset=&#8221;vc_col-lg-4 vc_col-md-12 vc_col-xs-12&#8243; css=&#8221;.vc_custom_1488553163667{padding-right: 4% !important;padding-left: 4% !important;}&#8221;]<div class=\"edgtf-image-with-text-holder edgtf-image-behavior-lightbox edgtf-image-shape-round\">\n\t<div class=\"edgtf-iwt-image\">\n\t\t<div class=\"edgtf-iwt-image-wrapper\">\n\t\t\t\t\t\t<a itemprop=\"image\" href=\"https:\/\/www.leventaroleforio.it\/wp-content\/uploads\/2024\/11\/DSC_4176-2-1.jpg\" data-rel=\"prettyPhoto[iwt_pretty_photo]\" title=\"\">\n\t\t\t\t\t\t\t\t\t\t\t\t\t\t\t<img loading=\"lazy\" decoding=\"async\" src=\"https:\/\/www.leventaroleforio.it\/wp-content\/uploads\/2024\/11\/DSC_4176-2-1-200x200.jpg\" alt=\"\" width=\"200\" height=\"200\" \/>\t\t\t\t\t\t\t\t\t\t\t\t\t\t<\/a>\n\t\t\t\t\t<\/div>\n\t<\/div>\n\t<div class=\"edgtf-iwt-text-holder\">\n\t\t\t\t<h5 class=\"edgtf-iwt-title\" >Tradition<\/h5>\n\t\t\t\t<p class=\"edgtf-iwt-text\" style=\"margin-top: 22px\">W\u00e4hrend der Feiertage widmen wir uns der Zubereitung typischer Produkte, die unsere Geschichte erz\u00e4hlen, wobei wir authentische Geschm\u00e4cker und Traditionen respektieren.<\/p>\n\t<\/div>\n<\/div>[vc_empty_space height=&#8221;109px&#8221;][\/vc_column_inner][vc_column_inner offset=&#8221;vc_col-lg-4 vc_col-md-12 vc_col-xs-12&#8243; css=&#8221;.vc_custom_1488553174411{padding-right: 4% !important;padding-left: 4% !important;}&#8221;]<div class=\"edgtf-image-with-text-holder edgtf-image-behavior-lightbox edgtf-image-shape-round\">\n\t<div class=\"edgtf-iwt-image\">\n\t\t<div class=\"edgtf-iwt-image-wrapper\">\n\t\t\t\t\t\t<a itemprop=\"image\" href=\"https:\/\/www.leventaroleforio.it\/wp-content\/uploads\/2024\/11\/DSC_0330-1-1-scaled.jpg\" data-rel=\"prettyPhoto[iwt_pretty_photo]\" title=\"\">\n\t\t\t\t\t\t\t\t\t\t\t\t\t\t\t<img loading=\"lazy\" decoding=\"async\" src=\"https:\/\/www.leventaroleforio.it\/wp-content\/uploads\/2024\/11\/DSC_0330-1-1-scaled-200x200.jpg\" alt=\"\" width=\"200\" height=\"200\" \/>\t\t\t\t\t\t\t\t\t\t\t\t\t\t<\/a>\n\t\t\t\t\t<\/div>\n\t<\/div>\n\t<div class=\"edgtf-iwt-text-holder\">\n\t\t\t\t<h5 class=\"edgtf-iwt-title\" >Das Baguette<\/h5>\n\t\t\t\t<p class=\"edgtf-iwt-text\" style=\"margin-top: 22px\">Au\u00dfen knusprig, innen weich: Unsere Baguettes werden mit ausgew\u00e4hlten Zutaten und einem langsamen G\u00e4rverfahren hergestellt, das ihren Geschmack verst\u00e4rkt. Sie sind perfekt f\u00fcr jeden Moment und bringen den authentischen Geschmack der franz\u00f6sischen Tradition auf den Tisch.<\/p>\n\t<\/div>\n<\/div>[vc_empty_space height=&#8221;109px&#8221;][\/vc_column_inner][\/vc_row_inner][\/vc_column][\/vc_row][vc_row anchor=&#8221;lievito&#8221;][vc_column]<div class=\"edgtf-parallax-holder edgtf-vertical-middle-align edgtf-disabled-parallax-on-touch\" data-parallax-speed=\"1\" style=\"background-image: url(https:\/\/www.leventaroleforio.it\/wp-content\/uploads\/2024\/11\/leventarole_lievito_madre.jpg);min-height: 400px;height: 400px\">\n\t<div class=\"edgtf-parallax-inner\">\n\t\t[vc_empty_space height=&#8221;93px&#8221;][vc_row_inner row_content_width=&#8221;grid&#8221;][vc_column_inner el_class=&#8221;lievito_madre&#8221;]<div class=\"edgtf-elements-holder edgtf-two-columns edgtf-responsive-mode-1024\" ><div class=\"edgtf-eh-item \"  data-item-class=\"edgtf-eh-custom-901758\" data-1024-1280=\"1px 0% 1px 2%\" data-768-1024=\"0 0% 0 0%\">\n\t<div class=\"edgtf-eh-item-inner\">\n\t\t<div class=\"edgtf-eh-item-content edgtf-eh-custom-901758\" style=\"padding: 0 0% 0 4%\">\n\t\t\t<div class=\"edgtf-section-title-holder\" >\n\t\t\t\t\t<h3 class=\"edgtf-st-title\" style=\"color: #ffffff;font-weight: 500;letter-spacing: 0px\">\n\t\t\t<span>Unsere Mutter Hefe<\/span>\n\t\t<\/h3>\n\t\t\t\t<p class=\"edgtf-st-text\" style=\"color: #ffffff;font-size: 16px;line-height: 30px;font-weight: 500;margin-top: 22px\">Unsere Mutterhefe, die vom Gr\u00fcnder der B\u00e4ckerei, Giancarlo Mandl, hergestellt und jeden Tag erneuert wird, ist das Herzst\u00fcck unserer Produktion. Wir f\u00fchren sie heute mit der gleichen Leidenschaft weiter und respektieren die Zeit und Sorgfalt, die sie erfordert.<\/p>\n\t<\/div>[vc_empty_space height=&#8221;34px&#8221;]\t\t<\/div>\n\t<\/div>\n<\/div><div class=\"edgtf-eh-item edgtf-vertical-alignment-top edgtf-horizontal-alignment-center\"  data-item-class=\"edgtf-eh-custom-219938\" data-1024-1280=\"0 8% 8px 2%\" data-768-1024=\"8px 8% 93px 0%\" data-480-600=\"7px 8% 93px 2%\" data-480=\"7px 8% 93px 2%\">\n\t<div class=\"edgtf-eh-item-inner\">\n\t\t<div class=\"edgtf-eh-item-content edgtf-eh-custom-219938\" style=\"padding: 0 8% 0 2%\">\n\t\t\t[vc_column_text]<div style=\"display:none;\" class=\"counter-box-4\"><h3>Wie lange sind Sie schon am Leben?<\/h3>\r\n<div class=\"wrap_giorni\">\r\n<div class=\"inner_wrap\">{day}Tag<\/div>\r\n<div class=\"inner_wrap\">{hour}Stunde<\/div>\r\n<div class=\"inner_wrap\">{min}Minute<\/div>\r\n<div class=\"inner_wrap\">{sec}Sekunde<\/div>\r\n<\/div><\/div>[\/vc_column_text]\t\t<\/div>\n\t<\/div>\n<\/div><\/div>[vc_empty_space height=&#8221;119px&#8221;][\/vc_column_inner][\/vc_row_inner]\t<\/div>\n<\/div>\n[\/vc_column][\/vc_row][vc_row css_animation=&#8221;none&#8221; css=&#8221;.vc_custom_1730888137145{padding-top: 94px !important;padding-bottom: 11px !important;}&#8221; anchor=&#8221;calendario&#8221;][vc_column]<div class=\"edgtf-elements-holder edgtf-one-column edgtf-responsive-mode-768\" ><div class=\"edgtf-eh-item edgtf-horizontal-alignment-center\"  data-item-class=\"edgtf-eh-custom-739134\" data-1280-1600=\"0px 30% 87px 30%\" data-1024-1280=\"0px 27% 87px 27%\" data-768-1024=\"0px 22% 87px 22%\" data-480-600=\"0px 14% 87px 14%\" data-480=\"0px 14% 87px 14%\">\n\t<div class=\"edgtf-eh-item-inner\">\n\t\t<div class=\"edgtf-eh-item-content edgtf-eh-custom-739134\" style=\"padding: 0px 33% 87px 33%\">\n\t\t\t<div class=\"edgtf-section-title-holder\" style=\"text-align: center\">\n\t\t\t\t\t<h1 class=\"edgtf-st-title\" style=\"color: #303030;font-weight: 400;letter-spacing: 1px\">\n\t\t\t<span>Der Kalender<\/span>\n\t\t<\/h1>\n\t\t\t\t<p class=\"edgtf-st-text\" style=\"color: #666666;font-size: 16px;line-height: 30px;font-weight: 300;margin-top: 22px\">In unserer B\u00e4ckerei wird neben der regul\u00e4ren Produktion an jedem Wochentag ein anderes Brot aus ausgew\u00e4hlten Mehlen hergestellt. Von Roggen \u00fcber Dinkel bis hin zu altem Weizen bieten wir authentische und echte Sorten an. Entdecken Sie unseren Kalender! Wir haben jeden Tag au\u00dfer Sonntagnachmittag ge\u00f6ffnet.<\/p>\n\t<\/div>\t\t<\/div>\n\t<\/div>\n<\/div><\/div>[\/vc_column][\/vc_row][vc_row el_class=&#8221;row_calendario&#8221;][vc_column width=&#8221;1\/3&#8243;]<div class=\"edgtf-image-with-text-holder edgtf-image-behavior- \">\n\t<div class=\"edgtf-iwt-image\">\n\t\t<div class=\"edgtf-iwt-image-wrapper\">\n\t\t\t\t\t\t\t\t\t\t\t\t\t\t<img loading=\"lazy\" decoding=\"async\" width=\"2000\" height=\"1334\" src=\"https:\/\/www.leventaroleforio.it\/wp-content\/uploads\/2024\/11\/pane_cinque_cereali_ventarole.jpg\" class=\"attachment-full size-full\" alt=\"\" srcset=\"https:\/\/www.leventaroleforio.it\/wp-content\/uploads\/2024\/11\/pane_cinque_cereali_ventarole.jpg 2000w, https:\/\/www.leventaroleforio.it\/wp-content\/uploads\/2024\/11\/pane_cinque_cereali_ventarole-300x200.jpg 300w, https:\/\/www.leventaroleforio.it\/wp-content\/uploads\/2024\/11\/pane_cinque_cereali_ventarole-1024x683.jpg 1024w, https:\/\/www.leventaroleforio.it\/wp-content\/uploads\/2024\/11\/pane_cinque_cereali_ventarole-768x512.jpg 768w, https:\/\/www.leventaroleforio.it\/wp-content\/uploads\/2024\/11\/pane_cinque_cereali_ventarole-1536x1025.jpg 1536w, https:\/\/www.leventaroleforio.it\/wp-content\/uploads\/2024\/11\/pane_cinque_cereali_ventarole-600x400.jpg 600w\" sizes=\"auto, (max-width: 2000px) 100vw, 2000px\" \/>\t\t\t\t\t\t\t\t\t\t\t\t<\/div>\n\t<\/div>\n\t<div class=\"edgtf-iwt-text-holder\">\n\t\t\t\t<h5 class=\"edgtf-iwt-title\" style=\"color: #303030;margin-top: 20px\">F\u00dcNF-KORN-BROT<\/h5>\n\t\t\t\t<p class=\"edgtf-iwt-text\" style=\"color: #8d8d8d;margin-top: 22px\">Jeden Mittwoch gibt es im Le Ventarole das F\u00fcnfkornbrot: eine perfekte Mischung aus Weizen, Roggen, Hafer, Gerste und Mais, die ihm einen reichen Geschmack und eine rustikale Konsistenz verleiht. Es ist frisch, duftend und ideal, um jede Mahlzeit zu bereichern.<\/p>\n\t<\/div>\n<\/div>[vc_empty_space height=&#8221;102px&#8221;][\/vc_column][vc_column width=&#8221;1\/3&#8243;]<div class=\"edgtf-image-with-text-holder edgtf-image-behavior- \">\n\t<div class=\"edgtf-iwt-image\">\n\t\t<div class=\"edgtf-iwt-image-wrapper\">\n\t\t\t\t\t\t\t\t\t\t\t\t\t\t<img loading=\"lazy\" decoding=\"async\" width=\"2000\" height=\"1334\" src=\"https:\/\/www.leventaroleforio.it\/wp-content\/uploads\/2024\/11\/pane__di_segale_forio.jpg\" class=\"attachment-full size-full\" alt=\"\" srcset=\"https:\/\/www.leventaroleforio.it\/wp-content\/uploads\/2024\/11\/pane__di_segale_forio.jpg 2000w, https:\/\/www.leventaroleforio.it\/wp-content\/uploads\/2024\/11\/pane__di_segale_forio-300x200.jpg 300w, https:\/\/www.leventaroleforio.it\/wp-content\/uploads\/2024\/11\/pane__di_segale_forio-1024x683.jpg 1024w, https:\/\/www.leventaroleforio.it\/wp-content\/uploads\/2024\/11\/pane__di_segale_forio-768x512.jpg 768w, https:\/\/www.leventaroleforio.it\/wp-content\/uploads\/2024\/11\/pane__di_segale_forio-1536x1025.jpg 1536w, https:\/\/www.leventaroleforio.it\/wp-content\/uploads\/2024\/11\/pane__di_segale_forio-600x400.jpg 600w\" sizes=\"auto, (max-width: 2000px) 100vw, 2000px\" \/>\t\t\t\t\t\t\t\t\t\t\t\t<\/div>\n\t<\/div>\n\t<div class=\"edgtf-iwt-text-holder\">\n\t\t\t\t<h5 class=\"edgtf-iwt-title\" style=\"color: #303030;margin-top: 20px\">RYE-BROT<\/h5>\n\t\t\t\t<p class=\"edgtf-iwt-text\" style=\"color: #666666;margin-top: 22px\">Dienstags und samstags gibt es im Le Ventarole Roggenbrot, das reich an Ballast- und N\u00e4hrstoffen ist. Es wird aus hochwertigem Roggenmehl hergestellt und ist ideal f\u00fcr alle, die ein Brot mit Charakter suchen.<\/p>\n\t<\/div>\n<\/div>[vc_empty_space height=&#8221;102px&#8221;][\/vc_column][vc_column width=&#8221;1\/3&#8243;]<div class=\"edgtf-image-with-text-holder edgtf-image-behavior- \">\n\t<div class=\"edgtf-iwt-image\">\n\t\t<div class=\"edgtf-iwt-image-wrapper\">\n\t\t\t\t\t\t\t\t\t\t\t\t\t\t<img loading=\"lazy\" decoding=\"async\" width=\"1999\" height=\"1333\" src=\"https:\/\/www.leventaroleforio.it\/wp-content\/uploads\/2024\/11\/farina_al_farro_forio_ischia_ventarole.jpg\" class=\"attachment-full size-full\" alt=\"\" srcset=\"https:\/\/www.leventaroleforio.it\/wp-content\/uploads\/2024\/11\/farina_al_farro_forio_ischia_ventarole.jpg 1999w, https:\/\/www.leventaroleforio.it\/wp-content\/uploads\/2024\/11\/farina_al_farro_forio_ischia_ventarole-300x200.jpg 300w, https:\/\/www.leventaroleforio.it\/wp-content\/uploads\/2024\/11\/farina_al_farro_forio_ischia_ventarole-1024x683.jpg 1024w, https:\/\/www.leventaroleforio.it\/wp-content\/uploads\/2024\/11\/farina_al_farro_forio_ischia_ventarole-768x512.jpg 768w, https:\/\/www.leventaroleforio.it\/wp-content\/uploads\/2024\/11\/farina_al_farro_forio_ischia_ventarole-1536x1024.jpg 1536w, https:\/\/www.leventaroleforio.it\/wp-content\/uploads\/2024\/11\/farina_al_farro_forio_ischia_ventarole-600x400.jpg 600w\" sizes=\"auto, (max-width: 1999px) 100vw, 1999px\" \/>\t\t\t\t\t\t\t\t\t\t\t\t<\/div>\n\t<\/div>\n\t<div class=\"edgtf-iwt-text-holder\">\n\t\t\t\t<h5 class=\"edgtf-iwt-title\" style=\"color: #303030;margin-top: 20px\">FARRO-BROT<\/h5>\n\t\t\t\t<p class=\"edgtf-iwt-text\" style=\"color: #666666;margin-top: 22px\">Freitags und sonntags erwartet Sie das Dinkelbrot: weich und duftend. Hergestellt aus ausgew\u00e4hltem Dinkel, ist es die ideale Wahl f\u00fcr alle, die ein gesundes Brot mit feinem Geschmack suchen.<\/p>\n\t<\/div>\n<\/div>[vc_empty_space height=&#8221;102px&#8221;][\/vc_column][\/vc_row][vc_row el_class=&#8221;row_calendario&#8221;][vc_column width=&#8221;1\/3&#8243;]<div class=\"edgtf-image-with-text-holder edgtf-image-behavior- \">\n\t<div class=\"edgtf-iwt-image\">\n\t\t<div class=\"edgtf-iwt-image-wrapper\">\n\t\t\t\t\t\t\t\t\t\t\t\t\t\t<img loading=\"lazy\" decoding=\"async\" width=\"2000\" height=\"1334\" src=\"https:\/\/www.leventaroleforio.it\/wp-content\/uploads\/2024\/11\/pane_integrale_le_ventarole_forio.jpg\" class=\"attachment-full size-full\" alt=\"\" srcset=\"https:\/\/www.leventaroleforio.it\/wp-content\/uploads\/2024\/11\/pane_integrale_le_ventarole_forio.jpg 2000w, https:\/\/www.leventaroleforio.it\/wp-content\/uploads\/2024\/11\/pane_integrale_le_ventarole_forio-300x200.jpg 300w, https:\/\/www.leventaroleforio.it\/wp-content\/uploads\/2024\/11\/pane_integrale_le_ventarole_forio-1024x683.jpg 1024w, https:\/\/www.leventaroleforio.it\/wp-content\/uploads\/2024\/11\/pane_integrale_le_ventarole_forio-768x512.jpg 768w, https:\/\/www.leventaroleforio.it\/wp-content\/uploads\/2024\/11\/pane_integrale_le_ventarole_forio-1536x1025.jpg 1536w, https:\/\/www.leventaroleforio.it\/wp-content\/uploads\/2024\/11\/pane_integrale_le_ventarole_forio-600x400.jpg 600w\" sizes=\"auto, (max-width: 2000px) 100vw, 2000px\" \/>\t\t\t\t\t\t\t\t\t\t\t\t<\/div>\n\t<\/div>\n\t<div class=\"edgtf-iwt-text-holder\">\n\t\t\t\t<h5 class=\"edgtf-iwt-title\" style=\"color: #303030;margin-top: 20px\">GANZES BROT<\/h5>\n\t\t\t\t<p class=\"edgtf-iwt-text\" style=\"color: #8d8d8d;margin-top: 22px\">Unser Vollkornbrot ist jeden Tag erh\u00e4ltlich, au\u00dfen knusprig, innen weich, reich an Geschmack und N\u00e4hrstoffen. Perfekt f\u00fcr jeden Moment des Tages, gesund, lecker und immer frisch.<\/p>\n\t<\/div>\n<\/div>[vc_empty_space height=&#8221;102px&#8221;][\/vc_column][vc_column width=&#8221;1\/3&#8243;]<div class=\"edgtf-image-with-text-holder edgtf-image-behavior- \">\n\t<div class=\"edgtf-iwt-image\">\n\t\t<div class=\"edgtf-iwt-image-wrapper\">\n\t\t\t\t\t\t\t\t\t\t\t\t\t\t<img loading=\"lazy\" decoding=\"async\" width=\"2000\" height=\"1334\" src=\"https:\/\/www.leventaroleforio.it\/wp-content\/uploads\/2024\/11\/biologico_ventarole.jpg\" class=\"attachment-full size-full\" alt=\"\" srcset=\"https:\/\/www.leventaroleforio.it\/wp-content\/uploads\/2024\/11\/biologico_ventarole.jpg 2000w, https:\/\/www.leventaroleforio.it\/wp-content\/uploads\/2024\/11\/biologico_ventarole-300x200.jpg 300w, https:\/\/www.leventaroleforio.it\/wp-content\/uploads\/2024\/11\/biologico_ventarole-1024x683.jpg 1024w, https:\/\/www.leventaroleforio.it\/wp-content\/uploads\/2024\/11\/biologico_ventarole-768x512.jpg 768w, https:\/\/www.leventaroleforio.it\/wp-content\/uploads\/2024\/11\/biologico_ventarole-1536x1025.jpg 1536w, https:\/\/www.leventaroleforio.it\/wp-content\/uploads\/2024\/11\/biologico_ventarole-600x400.jpg 600w\" sizes=\"auto, (max-width: 2000px) 100vw, 2000px\" \/>\t\t\t\t\t\t\t\t\t\t\t\t<\/div>\n\t<\/div>\n\t<div class=\"edgtf-iwt-text-holder\">\n\t\t\t\t<h5 class=\"edgtf-iwt-title\" style=\"color: #303030;margin-top: 20px\">BIO-BR\u00d6TCHEN<\/h5>\n\t\t\t\t<p class=\"edgtf-iwt-text\" style=\"color: #666666;margin-top: 22px\">Das Bio-Sauerteigbrot ist jeden Tag erh\u00e4ltlich, immer frisch und duftend. Dank des nat\u00fcrlichen Sauerteigverfahrens bietet es einen authentischen Geschmack, eine au\u00dfergew\u00f6hnliche Verdaulichkeit und beh\u00e4lt seinen Duft lange Zeit bei.<\/p>\n\t<\/div>\n<\/div>[vc_empty_space height=&#8221;102px&#8221;][\/vc_column][vc_column width=&#8221;1\/3&#8243;]<div class=\"edgtf-image-with-text-holder edgtf-image-behavior- \">\n\t<div class=\"edgtf-iwt-image\">\n\t\t<div class=\"edgtf-iwt-image-wrapper\">\n\t\t\t\t\t\t\t\t\t\t\t\t\t\t<img loading=\"lazy\" decoding=\"async\" width=\"2000\" height=\"1334\" src=\"https:\/\/www.leventaroleforio.it\/wp-content\/uploads\/2024\/11\/DSC_0606-1-1-1.jpg\" class=\"attachment-full size-full\" alt=\"\" srcset=\"https:\/\/www.leventaroleforio.it\/wp-content\/uploads\/2024\/11\/DSC_0606-1-1-1.jpg 2000w, https:\/\/www.leventaroleforio.it\/wp-content\/uploads\/2024\/11\/DSC_0606-1-1-1-300x200.jpg 300w, https:\/\/www.leventaroleforio.it\/wp-content\/uploads\/2024\/11\/DSC_0606-1-1-1-1024x683.jpg 1024w, https:\/\/www.leventaroleforio.it\/wp-content\/uploads\/2024\/11\/DSC_0606-1-1-1-768x512.jpg 768w, https:\/\/www.leventaroleforio.it\/wp-content\/uploads\/2024\/11\/DSC_0606-1-1-1-1536x1025.jpg 1536w, https:\/\/www.leventaroleforio.it\/wp-content\/uploads\/2024\/11\/DSC_0606-1-1-1-600x400.jpg 600w\" sizes=\"auto, (max-width: 2000px) 100vw, 2000px\" \/>\t\t\t\t\t\t\t\t\t\t\t\t<\/div>\n\t<\/div>\n\t<div class=\"edgtf-iwt-text-holder\">\n\t\t\t\t<h5 class=\"edgtf-iwt-title\" style=\"color: #303030;margin-top: 20px\">AUFSCHNITT-SANDWICHES<\/h5>\n\t\t\t\t<p class=\"edgtf-iwt-text\" style=\"color: #666666;margin-top: 22px\">Jeden Montag, Mittwoch, Donnerstag, Samstag und Sonntag gibt es k\u00f6stliche Wurstsandwiches aus frischen, hochwertigen Zutaten. Perfekt f\u00fcr eine schmackhafte Pause oder zur Bereicherung Ihres Tisches.<\/p>\n\t<\/div>\n<\/div>[vc_empty_space height=&#8221;102px&#8221;][\/vc_column][\/vc_row][vc_row anchor=&#8221;storia&#8221; css=&#8221;.vc_custom_1730891968811{background-image: url(https:\/\/www.leventaroleforio.it\/wp-content\/uploads\/2024\/11\/Senza-titolo-4000-x-2667-px-copia-2.jpg?id=11497) !important;background-position: center !important;background-repeat: no-repeat !important;background-size: cover !important;}&#8221;][vc_column]<div class=\"edgtf-parallax-holder edgtf-vertical-middle-align edgtf-disabled-parallax-on-touch\" data-parallax-speed=\"1\" style=\"min-height: 400px;height: 400px\">\n\t<div class=\"edgtf-parallax-inner\">\n\t\t[vc_empty_space height=&#8221;93px&#8221;][vc_row_inner row_content_width=&#8221;grid&#8221;][vc_column_inner]<div class=\"edgtf-elements-holder edgtf-two-columns edgtf-responsive-mode-1024\" ><div class=\"edgtf-eh-item \"  data-item-class=\"edgtf-eh-custom-867043\" data-1024-1280=\"1px 0% 1px 2%\" data-768-1024=\"0 0% 0 0%\">\n\t<div class=\"edgtf-eh-item-inner\">\n\t\t<div class=\"edgtf-eh-item-content edgtf-eh-custom-867043\" style=\"padding: 0 0% 0 4%\">\n\t\t\t<div class=\"edgtf-section-title-holder\" style=\"text-align: center\">\n\t\t\t\t\t<h1 class=\"edgtf-st-title\" style=\"color: #ffffff;font-weight: 500;letter-spacing: 0px\">\n\t\t\t<span>Le Ventarole, die Geschichte<\/span>\n\t\t<\/h1>\n\t\t\t\t<p class=\"edgtf-st-text\" style=\"color: #ffffff;font-size: 16px;line-height: 30px;font-weight: 500;margin-top: 22px\">Die B\u00e4ckerei Le Ventarole wurde 2002 in der Gegend von Borbonica, Lacco Ameno, gegr\u00fcndet, wo wir jahrelang Brot und handwerkliche Produkte gebacken haben, die von der Tradition inspiriert waren. Im Jahr 2017 hat das Erdbeben die Insel und unsere R\u00e4umlichkeiten schwer getroffen, so dass wir eine Entscheidung treffen mussten. Wir entschieden uns f\u00fcr einen Umzug ins Zentrum von Forio, in die Via Cardinale Lavitrano, um weiterhin die W\u00e4rme und Qualit\u00e4t zu bieten, die wir schon immer hatten. Hier f\u00fchren wir jeden Tag mit Stolz eine Tradition fort, die sich nicht von den Widrigkeiten des Lebens unterkriegen l\u00e4sst, und stellen echte Produkte her, die unsere Geschichte von Leidenschaft und Widerstandsf\u00e4higkeit erz\u00e4hlen.<\/p>\n\t<\/div>[vc_empty_space height=&#8221;34px&#8221;]\t\t<\/div>\n\t<\/div>\n<\/div><\/div>[vc_empty_space height=&#8221;119px&#8221;][\/vc_column_inner][\/vc_row_inner]\t<\/div>\n<\/div>\n[\/vc_column][\/vc_row][vc_row anchor=&#8221;dovesiamo&#8221;][vc_column][\/vc_column][\/vc_row][vc_row][vc_column][vc_column_text][\/vc_column_text][\/vc_column][\/vc_row]<\/p>\n<\/section>","protected":false},"excerpt":{"rendered":"<p>[vc_row css=&#8221;.vc_custom_1488555811499{padding-top: 50px !important;}&#8221;][vc_column][vc_row_inner row_content_width=&#8221;grid&#8221; content_text_aligment=&#8221;center&#8221;][vc_column_inner offset=&#8221;vc_col-lg-4 vc_col-md-12 vc_col-xs-12&#8243; css=&#8221;.vc_custom_1488553157804{padding-right: 4% !important;padding-left: 4% !important;}&#8221;][vc_empty_space height=&#8221;109px&#8221;][\/vc_column_inner][vc_column_inner offset=&#8221;vc_col-lg-4 vc_col-md-12 vc_col-xs-12&#8243; css=&#8221;.vc_custom_1488553163667{padding-right: 4% !important;padding-left: 4% !important;}&#8221;][vc_empty_space height=&#8221;109px&#8221;][\/vc_column_inner][vc_column_inner offset=&#8221;vc_col-lg-4 vc_col-md-12 vc_col-xs-12&#8243; css=&#8221;.vc_custom_1488553174411{padding-right: 4% !important;padding-left: 4% !important;}&#8221;][vc_empty_space height=&#8221;109px&#8221;][\/vc_column_inner][\/vc_row_inner][\/vc_column][\/vc_row][vc_row anchor=&#8221;lievito&#8221;][vc_column][\/vc_column][\/vc_row][vc_row css_animation=&#8221;none&#8221; css=&#8221;.vc_custom_1730888137145{padding-top: 94px !important;padding-bottom: 11px !important;}&#8221; [&hellip;]<\/p>\n","protected":false},"author":1,"featured_media":0,"parent":0,"menu_order":0,"comment_status":"closed","ping_status":"closed","template":"full-width.php","meta":{"footnotes":""},"class_list":["post-13013","page","type-page","status-publish","hentry"],"yoast_head":"<!-- This site is optimized with the Yoast SEO plugin v27.5 - https:\/\/yoast.com\/product\/yoast-seo-wordpress\/ -->\n<title>B\u00e4ckerei Le Ventarole | Handgemachtes Brot und Geb\u00e4ck in Forio d\u2019Ischia<\/title>\n<meta name=\"description\" content=\"Handwerksb\u00e4ckerei in Forio d\u2019Ischia: nat\u00fcrlich gegorenes Brot, typische S\u00fc\u00dfigkeiten, Focaccia, Baguette, Kekse und handgemachte Backwaren.\" \/>\n<meta name=\"robots\" content=\"index, follow, max-snippet:-1, max-image-preview:large, max-video-preview:-1\" \/>\n<link rel=\"canonical\" href=\"https:\/\/www.leventaroleforio.it\/de\/\" \/>\n<meta property=\"og:locale\" content=\"de_DE\" \/>\n<meta property=\"og:type\" content=\"article\" \/>\n<meta property=\"og:title\" content=\"B\u00e4ckerei Le Ventarole | Handgemachtes Brot und Geb\u00e4ck in Forio d\u2019Ischia\" \/>\n<meta property=\"og:description\" content=\"Handwerksb\u00e4ckerei in Forio d\u2019Ischia: nat\u00fcrlich gegorenes Brot, typische S\u00fc\u00dfigkeiten, Focaccia, Baguette, Kekse und handgemachte Backwaren.\" \/>\n<meta property=\"og:url\" content=\"https:\/\/www.leventaroleforio.it\/de\/\" \/>\n<meta property=\"og:site_name\" content=\"Le Ventarole\" \/>\n<meta property=\"article:modified_time\" content=\"2025-05-26T11:18:23+00:00\" \/>\n<meta name=\"twitter:card\" content=\"summary_large_image\" \/>\n<meta name=\"twitter:label1\" content=\"Gesch\u00e4tzte Lesezeit\" \/>\n\t<meta name=\"twitter:data1\" content=\"5\u00a0Minuten\" \/>\n<!-- \/ Yoast SEO plugin. -->","yoast_head_json":{"title":"B\u00e4ckerei Le Ventarole | Handgemachtes Brot und Geb\u00e4ck in Forio d\u2019Ischia","description":"Handwerksb\u00e4ckerei in Forio d\u2019Ischia: nat\u00fcrlich gegorenes Brot, typische S\u00fc\u00dfigkeiten, Focaccia, Baguette, Kekse und handgemachte Backwaren.","robots":{"index":"index","follow":"follow","max-snippet":"max-snippet:-1","max-image-preview":"max-image-preview:large","max-video-preview":"max-video-preview:-1"},"canonical":"https:\/\/www.leventaroleforio.it\/de\/","og_locale":"de_DE","og_type":"article","og_title":"B\u00e4ckerei Le Ventarole | Handgemachtes Brot und Geb\u00e4ck in Forio d\u2019Ischia","og_description":"Handwerksb\u00e4ckerei in Forio d\u2019Ischia: nat\u00fcrlich gegorenes Brot, typische S\u00fc\u00dfigkeiten, Focaccia, Baguette, Kekse und handgemachte Backwaren.","og_url":"https:\/\/www.leventaroleforio.it\/de\/","og_site_name":"Le Ventarole","article_modified_time":"2025-05-26T11:18:23+00:00","twitter_card":"summary_large_image","twitter_misc":{"Gesch\u00e4tzte Lesezeit":"5\u00a0Minuten"},"schema":{"@context":"https:\/\/schema.org","@graph":[{"@type":"WebPage","@id":"https:\/\/www.leventaroleforio.it\/de\/","url":"https:\/\/www.leventaroleforio.it\/de\/","name":"B\u00e4ckerei Le Ventarole | Handgemachtes Brot und Geb\u00e4ck in Forio d\u2019Ischia","isPartOf":{"@id":"https:\/\/www.leventaroleforio.it\/de\/#website"},"datePublished":"2017-02-24T11:09:41+00:00","dateModified":"2025-05-26T11:18:23+00:00","description":"Handwerksb\u00e4ckerei in Forio d\u2019Ischia: nat\u00fcrlich gegorenes Brot, typische S\u00fc\u00dfigkeiten, Focaccia, Baguette, Kekse und handgemachte Backwaren.","breadcrumb":{"@id":"https:\/\/www.leventaroleforio.it\/de\/#breadcrumb"},"inLanguage":"de","potentialAction":[{"@type":"ReadAction","target":["https:\/\/www.leventaroleforio.it\/de\/"]}]},{"@type":"BreadcrumbList","@id":"https:\/\/www.leventaroleforio.it\/de\/#breadcrumb","itemListElement":[{"@type":"ListItem","position":1,"name":"Home","item":"https:\/\/www.leventaroleforio.it\/de\/"},{"@type":"ListItem","position":2,"name":"Home"}]},{"@type":"WebSite","@id":"https:\/\/www.leventaroleforio.it\/de\/#website","url":"https:\/\/www.leventaroleforio.it\/de\/","name":"Le Ventarole","description":"Panificio dal 2002 al centro di Forio d&#039;Ischia","potentialAction":[{"@type":"SearchAction","target":{"@type":"EntryPoint","urlTemplate":"https:\/\/www.leventaroleforio.it\/de\/?s={search_term_string}"},"query-input":{"@type":"PropertyValueSpecification","valueRequired":true,"valueName":"search_term_string"}}],"inLanguage":"de"}]}},"_links":{"self":[{"href":"https:\/\/www.leventaroleforio.it\/de\/wp-json\/wp\/v2\/pages\/13013","targetHints":{"allow":["GET"]}}],"collection":[{"href":"https:\/\/www.leventaroleforio.it\/de\/wp-json\/wp\/v2\/pages"}],"about":[{"href":"https:\/\/www.leventaroleforio.it\/de\/wp-json\/wp\/v2\/types\/page"}],"author":[{"embeddable":true,"href":"https:\/\/www.leventaroleforio.it\/de\/wp-json\/wp\/v2\/users\/1"}],"replies":[{"embeddable":true,"href":"https:\/\/www.leventaroleforio.it\/de\/wp-json\/wp\/v2\/comments?post=13013"}],"version-history":[{"count":4,"href":"https:\/\/www.leventaroleforio.it\/de\/wp-json\/wp\/v2\/pages\/13013\/revisions"}],"predecessor-version":[{"id":13129,"href":"https:\/\/www.leventaroleforio.it\/de\/wp-json\/wp\/v2\/pages\/13013\/revisions\/13129"}],"wp:attachment":[{"href":"https:\/\/www.leventaroleforio.it\/de\/wp-json\/wp\/v2\/media?parent=13013"}],"curies":[{"name":"wp","href":"https:\/\/api.w.org\/{rel}","templated":true}]}}